{"id":809,"date":"2023-06-01T09:06:26","date_gmt":"2023-06-01T07:06:26","guid":{"rendered":"https:\/\/www.stehovani-vyklizenislehkosti.cz\/ochrana-osobnich-udaju\/"},"modified":"2023-06-06T14:11:20","modified_gmt":"2023-06-06T12:11:20","slug":"ochrana-osobnich-udaju","status":"publish","type":"page","link":"https:\/\/www.stehovani-vyklizenislehkosti.cz\/en\/ochrana-osobnich-udaju\/","title":{"rendered":"Ochrana osobn\u00edch \u00fadaj\u016f"},"content":{"rendered":"\t\t<div data-elementor-type=\"wp-page\" data-elementor-id=\"809\" class=\"elementor elementor-809 elementor-559\" data-elementor-post-type=\"page\">\n\t\t\t\t\t\t\t\t\t<section class=\"elementor-section elementor-top-section elementor-element elementor-element-2113888c elementor-section-boxed elementor-section-height-default elementor-section-height-default\" data-id=\"2113888c\" data-element_type=\"section\" data-settings=\"{&quot;jet_parallax_layout_list&quot;:[{&quot;_id&quot;:&quot;b2bb2ae&quot;,&quot;jet_parallax_layout_image&quot;:{&quot;url&quot;:&quot;&quot;,&quot;id&quot;:&quot;&quot;,&quot;size&quot;:&quot;&quot;},&quot;jet_parallax_layout_image_tablet&quot;:{&quot;url&quot;:&quot;&quot;,&quot;id&quot;:&quot;&quot;,&quot;size&quot;:&quot;&quot;},&quot;jet_parallax_layout_image_mobile&quot;:{&quot;url&quot;:&quot;&quot;,&quot;id&quot;:&quot;&quot;,&quot;size&quot;:&quot;&quot;},&quot;jet_parallax_layout_speed&quot;:{&quot;unit&quot;:&quot;%&quot;,&quot;size&quot;:50,&quot;sizes&quot;:[]},&quot;jet_parallax_layout_type&quot;:&quot;scroll&quot;,&quot;jet_parallax_layout_direction&quot;:null,&quot;jet_parallax_layout_fx_direction&quot;:null,&quot;jet_parallax_layout_z_index&quot;:&quot;&quot;,&quot;jet_parallax_layout_bg_x&quot;:50,&quot;jet_parallax_layout_bg_x_tablet&quot;:&quot;&quot;,&quot;jet_parallax_layout_bg_x_mobile&quot;:&quot;&quot;,&quot;jet_parallax_layout_bg_y&quot;:50,&quot;jet_parallax_layout_bg_y_tablet&quot;:&quot;&quot;,&quot;jet_parallax_layout_bg_y_mobile&quot;:&quot;&quot;,&quot;jet_parallax_layout_bg_size&quot;:&quot;auto&quot;,&quot;jet_parallax_layout_bg_size_tablet&quot;:&quot;&quot;,&quot;jet_parallax_layout_bg_size_mobile&quot;:&quot;&quot;,&quot;jet_parallax_layout_animation_prop&quot;:&quot;transform&quot;,&quot;jet_parallax_layout_on&quot;:[&quot;desktop&quot;,&quot;tablet&quot;]}],&quot;background_background&quot;:&quot;classic&quot;}\">\n\t\t\t\t\t\t<div class=\"elementor-container elementor-column-gap-default\">\n\t\t\t\t\t<div class=\"elementor-column elementor-col-100 elementor-top-column elementor-element elementor-element-58870d7\" data-id=\"58870d7\" data-element_type=\"column\">\n\t\t\t<div class=\"elementor-widget-wrap elementor-element-populated\">\n\t\t\t\t\t\t\t\t<section class=\"elementor-section elementor-inner-section elementor-element elementor-element-4a30f48c elementor-section-boxed elementor-section-height-default elementor-section-height-default\" data-id=\"4a30f48c\" data-element_type=\"section\" data-settings=\"{&quot;jet_parallax_layout_list&quot;:[{&quot;_id&quot;:&quot;0b6be41&quot;,&quot;jet_parallax_layout_image&quot;:{&quot;url&quot;:&quot;&quot;,&quot;id&quot;:&quot;&quot;,&quot;size&quot;:&quot;&quot;},&quot;jet_parallax_layout_image_tablet&quot;:{&quot;url&quot;:&quot;&quot;,&quot;id&quot;:&quot;&quot;,&quot;size&quot;:&quot;&quot;},&quot;jet_parallax_layout_image_mobile&quot;:{&quot;url&quot;:&quot;&quot;,&quot;id&quot;:&quot;&quot;,&quot;size&quot;:&quot;&quot;},&quot;jet_parallax_layout_speed&quot;:{&quot;unit&quot;:&quot;%&quot;,&quot;size&quot;:50,&quot;sizes&quot;:[]},&quot;jet_parallax_layout_type&quot;:&quot;scroll&quot;,&quot;jet_parallax_layout_direction&quot;:null,&quot;jet_parallax_layout_fx_direction&quot;:null,&quot;jet_parallax_layout_z_index&quot;:&quot;&quot;,&quot;jet_parallax_layout_bg_x&quot;:50,&quot;jet_parallax_layout_bg_x_tablet&quot;:&quot;&quot;,&quot;jet_parallax_layout_bg_x_mobile&quot;:&quot;&quot;,&quot;jet_parallax_layout_bg_y&quot;:50,&quot;jet_parallax_layout_bg_y_tablet&quot;:&quot;&quot;,&quot;jet_parallax_layout_bg_y_mobile&quot;:&quot;&quot;,&quot;jet_parallax_layout_bg_size&quot;:&quot;auto&quot;,&quot;jet_parallax_layout_bg_size_tablet&quot;:&quot;&quot;,&quot;jet_parallax_layout_bg_size_mobile&quot;:&quot;&quot;,&quot;jet_parallax_layout_animation_prop&quot;:&quot;transform&quot;,&quot;jet_parallax_layout_on&quot;:[&quot;desktop&quot;,&quot;tablet&quot;]}]}\">\n\t\t\t\t\t\t<div class=\"elementor-container elementor-column-gap-default\">\n\t\t\t\t\t<div class=\"elementor-column elementor-col-100 elementor-inner-column elementor-element elementor-element-164f3675\" data-id=\"164f3675\" data-element_type=\"column\" data-settings=\"{&quot;background_background&quot;:&quot;classic&quot;}\">\n\t\t\t<div class=\"elementor-widget-wrap elementor-element-populated\">\n\t\t\t\t\t\t\t\t<div class=\"elementor-element elementor-element-4b0726ce elementor-widget elementor-widget-heading\" data-id=\"4b0726ce\" data-element_type=\"widget\" data-widget_type=\"heading.default\">\n\t\t\t\t<div class=\"elementor-widget-container\">\n\t\t\t<style>\/*! elementor - v3.17.0 - 25-10-2023 *\/\n.elementor-heading-title{padding:0;margin:0;line-height:1}.elementor-widget-heading .elementor-heading-title[class*=elementor-size-]>a{color:inherit;font-size:inherit;line-height:inherit}.elementor-widget-heading .elementor-heading-title.elementor-size-small{font-size:15px}.elementor-widget-heading .elementor-heading-title.elementor-size-medium{font-size:19px}.elementor-widget-heading .elementor-heading-title.elementor-size-large{font-size:29px}.elementor-widget-heading .elementor-heading-title.elementor-size-xl{font-size:39px}.elementor-widget-heading .elementor-heading-title.elementor-size-xxl{font-size:59px}<\/style><h1 class=\"elementor-heading-title elementor-size-default\">Processing of personal customer data<\/h1>\t\t<\/div>\n\t\t\t\t<\/div>\n\t\t\t\t\t<\/div>\n\t\t<\/div>\n\t\t\t\t\t\t\t<\/div>\n\t\t<\/section>\n\t\t\t\t\t<\/div>\n\t\t<\/div>\n\t\t\t\t\t\t\t<\/div>\n\t\t<\/section>\n\t\t\t\t<section class=\"elementor-section elementor-top-section elementor-element elementor-element-472ac72a elementor-section-boxed elementor-section-height-default elementor-section-height-default\" data-id=\"472ac72a\" data-element_type=\"section\" data-settings=\"{&quot;jet_parallax_layout_list&quot;:[{&quot;_id&quot;:&quot;46a6936&quot;,&quot;jet_parallax_layout_image&quot;:{&quot;url&quot;:&quot;&quot;,&quot;id&quot;:&quot;&quot;,&quot;size&quot;:&quot;&quot;},&quot;jet_parallax_layout_image_tablet&quot;:{&quot;url&quot;:&quot;&quot;,&quot;id&quot;:&quot;&quot;,&quot;size&quot;:&quot;&quot;},&quot;jet_parallax_layout_image_mobile&quot;:{&quot;url&quot;:&quot;&quot;,&quot;id&quot;:&quot;&quot;,&quot;size&quot;:&quot;&quot;},&quot;jet_parallax_layout_speed&quot;:{&quot;unit&quot;:&quot;%&quot;,&quot;size&quot;:50,&quot;sizes&quot;:[]},&quot;jet_parallax_layout_type&quot;:&quot;scroll&quot;,&quot;jet_parallax_layout_direction&quot;:null,&quot;jet_parallax_layout_fx_direction&quot;:null,&quot;jet_parallax_layout_z_index&quot;:&quot;&quot;,&quot;jet_parallax_layout_bg_x&quot;:50,&quot;jet_parallax_layout_bg_x_tablet&quot;:&quot;&quot;,&quot;jet_parallax_layout_bg_x_mobile&quot;:&quot;&quot;,&quot;jet_parallax_layout_bg_y&quot;:50,&quot;jet_parallax_layout_bg_y_tablet&quot;:&quot;&quot;,&quot;jet_parallax_layout_bg_y_mobile&quot;:&quot;&quot;,&quot;jet_parallax_layout_bg_size&quot;:&quot;auto&quot;,&quot;jet_parallax_layout_bg_size_tablet&quot;:&quot;&quot;,&quot;jet_parallax_layout_bg_size_mobile&quot;:&quot;&quot;,&quot;jet_parallax_layout_animation_prop&quot;:&quot;transform&quot;,&quot;jet_parallax_layout_on&quot;:[&quot;desktop&quot;,&quot;tablet&quot;]}],&quot;background_background&quot;:&quot;classic&quot;}\">\n\t\t\t\t\t\t<div class=\"elementor-container elementor-column-gap-default\">\n\t\t\t\t\t<div class=\"elementor-column elementor-col-100 elementor-top-column elementor-element elementor-element-739f456e\" data-id=\"739f456e\" data-element_type=\"column\">\n\t\t\t<div class=\"elementor-widget-wrap elementor-element-populated\">\n\t\t\t\t\t\t\t\t<div class=\"elementor-element elementor-element-4842c6b8 elementor-widget elementor-widget-text-editor\" data-id=\"4842c6b8\" data-element_type=\"widget\" data-widget_type=\"text-editor.default\">\n\t\t\t\t<div class=\"elementor-widget-container\">\n\t\t\t<style>\/*! elementor - v3.17.0 - 25-10-2023 *\/\n.elementor-widget-text-editor.elementor-drop-cap-view-stacked .elementor-drop-cap{background-color:#69727d;color:#fff}.elementor-widget-text-editor.elementor-drop-cap-view-framed .elementor-drop-cap{color:#69727d;border:3px solid;background-color:transparent}.elementor-widget-text-editor:not(.elementor-drop-cap-view-default) .elementor-drop-cap{margin-top:8px}.elementor-widget-text-editor:not(.elementor-drop-cap-view-default) .elementor-drop-cap-letter{width:1em;height:1em}.elementor-widget-text-editor .elementor-drop-cap{float:left;text-align:center;line-height:1;font-size:50px}.elementor-widget-text-editor .elementor-drop-cap-letter{display:inline-block}<\/style>\t\t\t\t<p><em>dle \u010dl. 13 a 14 Na\u0159\u00edzen\u00ed Evropsk\u00e9ho parlamentu a Rady (EU) 2016\/679 ze dne 27. dubna 2016 o ochran\u011b fyzick\u00fdch osob <\/em><em>v souvislosti se zpracov\u00e1n\u00edm osobn\u00edch \u00fadaj\u016f a o voln\u00e9m pohybu t\u011bchto \u00fadaj\u016f a o zru\u0161en\u00ed sm\u011brnice 95\/46\/ES <\/em><em>(obecn\u00e9 na\u0159\u00edzen\u00ed o ochran\u011b osobn\u00edch \u00fadaj\u016f) &#8211; d\u00e1le jen \u201eNa\u0159\u00edzen\u00ed\u201c<\/em><\/p>\n\t\t\t\t\t\t<\/div>\n\t\t\t\t<\/div>\n\t\t\t\t\t<\/div>\n\t\t<\/div>\n\t\t\t\t\t\t\t<\/div>\n\t\t<\/section>\n\t\t\t\t<section class=\"elementor-section elementor-top-section elementor-element elementor-element-52ce36ff elementor-section-boxed elementor-section-height-default elementor-section-height-default\" data-id=\"52ce36ff\" data-element_type=\"section\" data-settings=\"{&quot;jet_parallax_layout_list&quot;:[{&quot;_id&quot;:&quot;d5070e7&quot;,&quot;jet_parallax_layout_image&quot;:{&quot;url&quot;:&quot;&quot;,&quot;id&quot;:&quot;&quot;,&quot;size&quot;:&quot;&quot;},&quot;jet_parallax_layout_image_tablet&quot;:{&quot;url&quot;:&quot;&quot;,&quot;id&quot;:&quot;&quot;,&quot;size&quot;:&quot;&quot;},&quot;jet_parallax_layout_image_mobile&quot;:{&quot;url&quot;:&quot;&quot;,&quot;id&quot;:&quot;&quot;,&quot;size&quot;:&quot;&quot;},&quot;jet_parallax_layout_speed&quot;:{&quot;unit&quot;:&quot;%&quot;,&quot;size&quot;:50,&quot;sizes&quot;:[]},&quot;jet_parallax_layout_type&quot;:&quot;scroll&quot;,&quot;jet_parallax_layout_direction&quot;:null,&quot;jet_parallax_layout_fx_direction&quot;:null,&quot;jet_parallax_layout_z_index&quot;:&quot;&quot;,&quot;jet_parallax_layout_bg_x&quot;:50,&quot;jet_parallax_layout_bg_x_tablet&quot;:&quot;&quot;,&quot;jet_parallax_layout_bg_x_mobile&quot;:&quot;&quot;,&quot;jet_parallax_layout_bg_y&quot;:50,&quot;jet_parallax_layout_bg_y_tablet&quot;:&quot;&quot;,&quot;jet_parallax_layout_bg_y_mobile&quot;:&quot;&quot;,&quot;jet_parallax_layout_bg_size&quot;:&quot;auto&quot;,&quot;jet_parallax_layout_bg_size_tablet&quot;:&quot;&quot;,&quot;jet_parallax_layout_bg_size_mobile&quot;:&quot;&quot;,&quot;jet_parallax_layout_animation_prop&quot;:&quot;transform&quot;,&quot;jet_parallax_layout_on&quot;:[&quot;desktop&quot;,&quot;tablet&quot;]}],&quot;background_background&quot;:&quot;classic&quot;}\">\n\t\t\t\t\t\t<div class=\"elementor-container elementor-column-gap-default\">\n\t\t\t\t\t<div class=\"elementor-column elementor-col-100 elementor-top-column elementor-element elementor-element-6d2044f4\" data-id=\"6d2044f4\" data-element_type=\"column\" data-settings=\"{&quot;background_background&quot;:&quot;classic&quot;}\">\n\t\t\t<div class=\"elementor-widget-wrap elementor-element-populated\">\n\t\t\t\t\t\t\t\t<div class=\"elementor-element elementor-element-f64022a elementor-widget elementor-widget-text-editor\" data-id=\"f64022a\" data-element_type=\"widget\" data-widget_type=\"text-editor.default\">\n\t\t\t\t<div class=\"elementor-widget-container\">\n\t\t\t\t\t\t\t<p>Spole\u010dnost SERVISTA s.r.o. je spr\u00e1vcem osobn\u00edch \u00fadaj\u016f ve smyslu \u010dl. 4 bod 7 Na\u0159\u00edzen\u00ed a jako spr\u00e1vce prov\u00e1d\u00ed zpracov\u00e1n\u00ed osobn\u00edch \u00fadaj\u016f, ur\u010duje \u00fa\u010dely a prost\u0159edky zpracov\u00e1n\u00ed osobn\u00edch \u00fadaj\u016f a odpov\u00edd\u00e1 za jejich \u0159\u00e1dn\u00e9 a z\u00e1konn\u00e9 zpracov\u00e1n\u00ed.<\/p>\n<p>Spole\u010dnost SERVISTA s.r.o. by V\u00e1m proto touto cestou r\u00e1da poskytla p\u0159ehledn\u00e9 a srozumiteln\u00e9 informace o tom, jak\u00e9 osobn\u00ed \u00fadaje o V\u00e1s zpracov\u00e1v\u00e1, pro jak\u00fd \u00fa\u010del a z jak\u00e9ho d\u016fvodu tak \u010din\u00ed, kdo m\u00e1 k osobn\u00edm \u00fadaj\u016fm p\u0159\u00edstup, jak\u00e1 pr\u00e1va v souvislosti se zpracov\u00e1n\u00edm osobn\u00edch \u00fadaj\u016f m\u00e1te, jako\u017e i dal\u0161\u00ed informace t\u00fdkaj\u00edc\u00ed se zpracov\u00e1n\u00ed osobn\u00edch \u00fadaj\u016f.<\/p>\n<p>Informace obsa\u017een\u00e9 v tomto dokumentu jsou ur\u010deny z\u00e1kazn\u00edk\u016fm spole\u010dnosti SERVISTA s.r.o., pro n\u011b\u017e spole\u010dnost prov\u00e1d\u00ed prohl\u00eddky vozidel VINfoto.<\/p>\n<h5> <\/h5>\n<h5><strong><u>1. SPR\u00c1VCE OSOBN\u00cdCH \u00daDAJ\u016e<\/u><\/strong><\/h5>\n<p><strong>SERVISTA<\/strong> <strong>s.r.o.<\/strong><\/p>\n<p>I\u010c: 09279539<\/p>\n<p>se s\u00eddlem Za Po\u0159\u00ed\u010dskou br\u00e1nou 334\/4, Karl\u00edn, 186 00 Praha 8<\/p>\n<p>spole\u010dnost zapsan\u00e1 v obchodn\u00edm rejst\u0159\u00edku veden\u00e9m M\u011bstsk\u00fdm soudem v Praze pod sp. zn. C 333755<\/p>\n<h5> <\/h5>\n<h5><strong><u>2. \u00da\u010cELY A PR\u00c1VN\u00cd Z\u00c1KLAD ZPRACOV\u00c1N\u00cd<\/u><\/strong><\/h5>\n<p>Osobn\u00ed \u00fadaje zpracov\u00e1v\u00e1me za \u00fa\u010delem:<\/p>\n<p><strong><em>Uzav\u0159en\u00ed smlouvy a jej\u00ed n\u00e1sledn\u00e9 realizace (pln\u011bn\u00ed pr\u00e1v a povinnosti ze smlouvy)<\/em><\/strong><\/p>\n<p>Osobn\u00ed \u00fadaje zpracov\u00e1v\u00e1me pro \u00fa\u010dely uzav\u0159en\u00ed smlouvy s V\u00e1mi a n\u00e1sledn\u00e9 pln\u011bn\u00ed pr\u00e1v a povinnost\u00ed ze smlouvy vypl\u00fdvaj\u00edc\u00edch \u010di s n\u00ed souvisej\u00edc\u00edch (kontaktov\u00e1n\u00ed z\u00e1kazn\u00edka za \u00fa\u010delem domluvy m\u00edsta a term\u00ednu prohl\u00eddky VINfoto, proveden\u00ed prohl\u00eddky VINfoto, zasl\u00e1n\u00ed potvrzen\u00ed o proveden\u00ed prohl\u00eddky VINfoto), jako\u017e i pro \u00fa\u010dely jedn\u00e1n\u00ed o zm\u011bn\u011b a ukon\u010den\u00ed smlouvy.<\/p>\n<p>Pro tyto \u00fa\u010dely je poskytnut\u00ed osobn\u00edch \u00fadaj\u016f smluvn\u00edm po\u017eadavkem; nejsou-li nezbytn\u00e9 osobn\u00ed \u00fadaje poskytnuty, nebudeme moct smlouvu v\u016fbec uzav\u0159\u00edt, p\u0159\u00edp. nebudeme schopni uplat\u0148ovat pr\u00e1va a plnit povinnosti ze smlouvy vypl\u00fdvaj\u00edc\u00ed \u010di s n\u00ed souvisej\u00edc\u00ed.<\/p>\n<p>Pr\u00e1vn\u00edm z\u00e1kladem zpracov\u00e1n\u00ed je v tomto p\u0159\u00edpad\u011b pln\u011bn\u00ed smlouvy, kter\u00e1 byla se subjektem \u00fadaj\u016f uzav\u0159ena (<strong>\u010dl. 6 odst. 1 p\u00edsm. b) Na\u0159\u00edzen\u00ed<\/strong>).<\/p>\n<p><strong><em>Pln\u011bn\u00ed povinnost\u00ed stanoven\u00fdch pr\u00e1vn\u00edmi p\u0159edpisy<\/em><\/strong><\/p>\n<p>Osobn\u00ed \u00fadaje zpracov\u00e1v\u00e1me pro \u00fa\u010dely veden\u00ed \u00fa\u010detnictv\u00ed, pln\u011bn\u00ed oznamovac\u00ed povinnosti v\u016f\u010di org\u00e1n\u016fm ve\u0159ejn\u00e9 moci, pln\u011bn\u00ed archiva\u010dn\u00ed povinnosti, jako\u017e i v dal\u0161\u00edch p\u0159\u00edpadech, kdy n\u00e1m to ukl\u00e1d\u00e1 z\u00e1kon \u010di jin\u00fd obecn\u011b z\u00e1vazn\u00fd pr\u00e1vn\u00ed p\u0159edpis.<\/p>\n<p>Pro tyto \u00fa\u010dely jste povinni n\u00e1m osobn\u00ed \u00fadaje v r\u00e1mci povinnost\u00ed stanoven\u00fdch jednotliv\u00fdmi pr\u00e1vn\u00edmi p\u0159edpisy poskytnout; neposkytnut\u00ed nezbytn\u00fdch osobn\u00edch \u00fadaj\u016f m\u016f\u017ee m\u00edt za n\u00e1sledek nemo\u017enost spln\u011bn\u00ed pr\u00e1vn\u00edmi p\u0159edpisy stanoven\u00e9 povinnosti na\u0161\u00ed spole\u010dnost\u00ed, p\u0159\u00edpadn\u011b dal\u0161\u00ed n\u00e1sledky stanoven\u00e9 p\u0159\u00edslu\u0161n\u00fdmi pr\u00e1vn\u00edmi p\u0159edpisy.<\/p>\n<p>Pr\u00e1vn\u00edm z\u00e1kladem zpracov\u00e1n\u00ed je v tomto p\u0159\u00edpad\u011b pln\u011bn\u00ed povinnost\u00ed, kter\u00e9 se na na\u0161i spole\u010dnost jako spr\u00e1vce vztahuj\u00ed (<strong>\u010dl. 6 odst. 1 p\u00edsm. c) Na\u0159\u00edzen\u00ed<\/strong>).<\/p>\n<p><strong><em>Realizace opr\u00e1vn\u011bn\u00fdch z\u00e1jm\u016f spole\u010dnosti<\/em><\/strong><\/p>\n<p>Osobn\u00ed \u00fadaje zpracov\u00e1v\u00e1me tak\u00e9 pro \u00fa\u010dely opr\u00e1vn\u011bn\u00fdch z\u00e1jm\u016f na\u0161\u00ed spole\u010dnosti jako spr\u00e1vce, a to konkr\u00e9tn\u011b pro \u00fa\u010dely:<\/p>\n<ul>\n<li>uplatn\u011bn\u00ed, vym\u00e1h\u00e1n\u00ed, ochrany a obrany pr\u00e1v a opr\u00e1vn\u011bn\u00fdch z\u00e1jm\u016f spole\u010dnosti;<\/li>\n<li>\u0159\u00edzen\u00ed spole\u010dnosti, reporting a vyhodnocov\u00e1n\u00ed \u010dinnost\u00ed v r\u00e1mci spole\u010dnosti;<\/li>\n<li>optimalizace \u010dinnosti spole\u010dnosti, sni\u017eov\u00e1n\u00ed rizikovosti obchodn\u00edch p\u0159\u00edpad\u016f;<\/li>\n<li>eviden\u010dn\u00ed \u010dinnosti v r\u00e1mci spole\u010dnosti;<\/li>\n<li>zlep\u0161ov\u00e1n\u00ed poskytovan\u00fdch slu\u017eeb.<\/li>\n<\/ul>\n<p>Pr\u00e1vn\u00edm z\u00e1kladem zpracov\u00e1n\u00ed je v tomto p\u0159\u00edpad\u011b realizace opr\u00e1vn\u011bn\u00fdch z\u00e1jm\u016f spole\u010dnosti jako spr\u00e1vce (<strong>\u010dl. 6 odst. 1 p\u00edsm. f) Na\u0159\u00edzen\u00ed<\/strong>).<\/p>\n<p>P\u0159i zpracov\u00e1n\u00ed osobn\u00edch \u00fadaj\u016f pro shora uveden\u00e9 \u00fa\u010dely <strong>nedoch\u00e1z\u00ed<\/strong> k automatizovan\u00e9mu rozhodov\u00e1n\u00ed, v\u010detn\u011b profilov\u00e1n\u00ed, kter\u00e9 by bylo zalo\u017eeno v\u00fdhradn\u011b na automatizovan\u00e9m zpracov\u00e1n\u00ed, a kter\u00e9 by pro subjekty \u00fadaj\u016f m\u011blo pr\u00e1vn\u00ed \u00fa\u010dinky nebo se jich jinak v\u00fdznamn\u011b dot\u00fdkalo.<\/p>\n<h5> <\/h5>\n<h5><strong><u>3. KATEGORIE ZPRACOV\u00c1VAN\u00ddCH OSOBN\u00cdCH \u00daDAJ\u016e<\/u><\/strong><\/h5>\n<p>Pro shora uveden\u00e9 \u00fa\u010dely zpracov\u00e1v\u00e1me pouze ty osobn\u00ed \u00fadaje, kter\u00e9 jsou nezbytn\u00e9 pro napln\u011bn\u00ed jednotliv\u00fdch \u00fa\u010del\u016f zpracov\u00e1n\u00ed; zpracov\u00e1n\u00ed se t\u00fdk\u00e1 t\u011bchto kategori\u00ed osobn\u00edch \u00fadaj\u016f:<\/p>\n<ul>\n<li><u>z\u00e1kladn\u00ed identifika\u010dn\u00ed \u00fadaje<\/u>: jm\u00e9no a p\u0159\u00edjmen\u00ed\/obchodn\u00ed firma, rodn\u00e9 \u010d\u00edslo\/identifika\u010dn\u00ed \u010d\u00edslo (I\u010cO) a da\u0148ov\u00e9 identifika\u010dn\u00ed \u010d\u00edslo (DI\u010c), adresa trval\u00e9ho bydli\u0161t\u011b\/s\u00eddla<\/li>\n<li><u>kontaktn\u00ed \u00fadaje<\/u>: telefonn\u00ed \u010d\u00edslo, e-mailov\u00e1 adresa<\/li>\n<li><u>transak\u010dn\u00ed \u00fadaje<\/u>: \u00fadaje o p\u0159ijat\u00fdch platb\u00e1ch (v\u00fd\u0161e plateb, \u010d\u00edslo bankovn\u00edho \u00fa\u010dtu, dal\u0161\u00ed nezbytn\u00e9 platebn\u00ed \u00fadaje), \u00fadaje o poskytnut\u00fdch slu\u017eb\u00e1ch<\/li>\n<li><u>\u00fadaje o vozidle z\u00e1kazn\u00edka<\/u>: SPZ a VIN vozidla, \u010d\u00edslo pojistn\u00e9 smlouvy vztahuj\u00edc\u00ed se na vozidlo<\/li>\n<li><u>informace o solventnosti<\/u>: informace o exekuc\u00edch a insolven\u010dn\u00edch \u0159\u00edzen\u00edch<\/li>\n<\/ul>\n<h5> <\/h5>\n<h5><strong><u>4. ZDROJE OSOBN\u00cdCH \u00daDAJ\u016e<\/u><\/strong><\/h5>\n<p>Osobn\u00ed \u00fadaje z\u00edsk\u00e1v\u00e1me:<\/p>\n<ul>\n<li>p\u0159\u00edmo od V\u00e1s jako subjekt\u016f \u00fadaj\u016f p\u0159i jedn\u00e1n\u00ed o uzav\u0159en\u00ed smlouvy a p\u0159i jej\u00ed n\u00e1sledn\u00e9 realizaci.<\/li>\n<\/ul>\n<p><strong> <\/strong><\/p>\n<h5><span style=\"text-decoration: underline;\"><strong>5. <\/strong><strong>DOBA UCHOV\u00c1N\u00cd OSOBN\u00cdCH \u00daDAJ\u016e<\/strong><\/span><\/h5>\n<p>Osobn\u00ed \u00fadaje uchov\u00e1v\u00e1me po dobu trv\u00e1n\u00ed p\u0159\u00edslu\u0161n\u00e9ho smluvn\u00edho vztahu a po jeho skon\u010den\u00ed do uplynut\u00ed z\u00e1konn\u00fdch (p\u0159\u00edp. smluvn\u00edch) proml\u010dec\u00edch dob u jednotliv\u00fdch n\u00e1rok\u016f ze smlouvy vypl\u00fdvaj\u00edc\u00edch \u010di s n\u00ed souvisej\u00edc\u00edch, nevypl\u00fdv\u00e1-li z pr\u00e1vn\u00edch p\u0159edpis\u016f, \u017ee n\u011bkter\u00e9 osobn\u00ed \u00fadaje mus\u00edme uchov\u00e1vat po dobu del\u0161\u00ed (nap\u0159. v p\u0159\u00edpad\u011b osobn\u00edch \u00fadaj\u016f obsa\u017een\u00fdch v \u00fa\u010detn\u00edch dokladech).<\/p>\n<p>Zpracov\u00e1v\u00e1me-li osobn\u00ed \u00fadaje pro \u00fa\u010dely realizace na\u0161ich opr\u00e1vn\u011bn\u00fdch z\u00e1jm\u016f, uchov\u00e1v\u00e1me osobn\u00ed \u00fadaje pouze po dobu, kter\u00e1 je nezbytn\u00e1 pro napln\u011bn\u00ed dan\u00e9ho opr\u00e1vn\u011bn\u00e9ho z\u00e1jmu, nevypl\u00fdv\u00e1-li z pr\u00e1vn\u00edch p\u0159edpis\u016f, \u017ee n\u011bkter\u00e9 osobn\u00ed \u00fadaje mus\u00edme uchov\u00e1vat po dobu del\u0161\u00ed.<\/p>\n<h5> <\/h5>\n<h5><strong><u>6. P\u0158\u00cdJEMCI OSOBN\u00cdCH \u00daDAJ\u016e<\/u><\/strong><\/h5>\n<p>Osobn\u00ed \u00fadaje zpracov\u00e1v\u00e1 spole\u010dnost SERVISTA s.r.o. jako spr\u00e1vce prost\u0159ednictv\u00edm \u010dlen\u016f statut\u00e1rn\u00edho org\u00e1nu a sv\u00fdch zam\u011bstnanc\u016f a tato stanovuje \u00fa\u010dely, pro kter\u00e9 jsou osobn\u00ed \u00fadaje zpracov\u00e1v\u00e1ny, ur\u010duje prost\u0159edky zpracov\u00e1n\u00ed a odpov\u00edd\u00e1 za jeho \u0159\u00e1dn\u00e9 proveden\u00ed. K osobn\u00edm \u00fadaj\u016fm maj\u00ed v\u017edy p\u0159\u00edstup pouze ti zam\u011bstnanci, kte\u0159\u00ed jej pot\u0159ebuj\u00ed pro pln\u011bn\u00ed sv\u00fdch pracovn\u00edch povinnost\u00ed.<\/p>\n<p>Osobn\u00ed \u00fadaje mohou b\u00fdt d\u00e1le poskytnuty, resp. k t\u011bmto mohou m\u00edt p\u0159\u00edstup:<\/p>\n<ul>\n<li>extern\u00ed dodavatel\u00e9 spole\u010dnosti, a to: \u00fa\u010detn\u00ed, advok\u00e1ti, spr\u00e1vci po\u010d\u00edta\u010dov\u00e9 s\u00edt\u011b, poskytovatel\u00e9 informa\u010dn\u00edch syst\u00e9m\u016f spole\u010dnosti a dal\u0161\u00edch IT slu\u017eeb, p\u0159\u00edpadn\u011b dal\u0161\u00ed subjekty; tyto subjekty maj\u00ed k Va\u0161im osobn\u00edm \u00fadaj\u016fm p\u0159\u00edstup pouze v nezbytn\u00e9m rozsahu, a pokud pro n\u00e1s Va\u0161e osobn\u00ed \u00fadaje zpracov\u00e1vaj\u00ed jako zpracovatel\u00e9 ve smyslu \u010dl. 4 bod 8 Na\u0159\u00edzen\u00ed, m\u00e1me s nimi uzav\u0159enou p\u00edsemnou smlouvu upravuj\u00edc\u00ed zpracov\u00e1n\u00ed osobn\u00edch \u00fadaj\u016f, kter\u00e1 obsahuje mimo jin\u00e9 z\u00e1vazek zpracovatele, \u017ee osobn\u00ed \u00fadaje bude zpracov\u00e1vat v souladu s Na\u0159\u00edzen\u00edm;<\/li>\n<li>org\u00e1ny \u010dinn\u00e9 v trestn\u00edm \u0159\u00edzen\u00ed, soudy, spr\u00e1vn\u00ed org\u00e1ny, insolven\u010dn\u00ed spr\u00e1vci, exekuto\u0159i a dal\u0161\u00ed org\u00e1ny ve\u0159ejn\u00e9 moci, a to v p\u0159\u00edpad\u011b, \u017ee jsme dle pr\u00e1vn\u00edch p\u0159edpis\u016f povinni jim Va\u0161e osobn\u00ed \u00fadaje poskytnout.<\/li>\n<\/ul>\n<p>Osobn\u00ed \u00fadaje <strong>nep\u0159ed\u00e1v\u00e1me<\/strong> do t\u0159et\u00edch zem\u00ed \u010di mezin\u00e1rodn\u00edm organizac\u00edm.<\/p>\n<h5> <\/h5>\n<h5><strong><u>7. PR\u00c1VA SUBJEKTU \u00daDAJ\u016e<\/u><\/strong><\/h5>\n<p>V souvislosti se zpracov\u00e1n\u00edm Va\u0161ich osobn\u00edch \u00fadaj\u016f m\u00e1te:<\/p>\n<ul>\n<li>pr\u00e1vo na p\u0159\u00edstup (\u010dl. 15 Na\u0159\u00edzen\u00ed)<\/li>\n<li>pr\u00e1vo na opravu (\u010dl. 16 Na\u0159\u00edzen\u00ed)<\/li>\n<li>pr\u00e1vo na v\u00fdmaz (\u010dl. 17 Na\u0159\u00edzen\u00ed)<\/li>\n<li>pr\u00e1vo na omezen\u00ed zpracov\u00e1n\u00ed (\u010dl. 18 Na\u0159\u00edzen\u00ed)<\/li>\n<li>pr\u00e1vo na p\u0159enositelnost \u00fadaj\u016f (\u010dl. 20 Na\u0159\u00edzen\u00ed)<\/li>\n<li>pr\u00e1vo vzn\u00e9st n\u00e1mitku proti zpracov\u00e1n\u00ed osobn\u00edch \u00fadaj\u016f (\u010dl. 21 Na\u0159\u00edzen\u00ed)<\/li>\n<li>pr\u00e1vo b\u00fdt informov\u00e1n o p\u0159\u00edpadech poru\u0161en\u00ed zabezpe\u010den\u00ed Va\u0161ich osobn\u00edch \u00fadaj\u016f (\u010dl. 34 Na\u0159\u00edzen\u00ed)<\/li>\n<li>pr\u00e1vo podat st\u00ed\u017enost u dozorov\u00e9ho \u00fa\u0159adu (\u010dl. 77 Na\u0159\u00edzen\u00ed)<\/li>\n<\/ul>\n<p>Shora uveden\u00e1 pr\u00e1va m\u016f\u017eete v\u016f\u010di na\u0161\u00ed spole\u010dnosti uplatnit:<\/p>\n<ul>\n<li>p\u00edsemn\u011b na adresu: SERVISTA s.r.o., Za Po\u0159\u00ed\u010dskou br\u00e1nou 334\/4, Karl\u00edn, 186 00 Praha 8<\/li>\n<li>e-mailem na adresu: info@servista.cz<\/li>\n<\/ul>\n<p>V\u00e1mi uplatn\u011bn\u00e1 pr\u00e1va a n\u00e1roky vy\u0159izujeme bezplatn\u011b, a to pokud mo\u017eno co nejrychleji, nejpozd\u011bji v\u0161ak <strong>do 1 m\u011bs\u00edce<\/strong>. V od\u016fvodn\u011bn\u00fdch p\u0159\u00edpadech m\u016f\u017eeme tuto lh\u016ftu <strong>prodlou\u017eit, a to a\u017e o dva m\u011bs\u00edce<\/strong>; o takov\u00e9m prodlou\u017een\u00ed lh\u016fty v\u010detn\u011b uveden\u00ed d\u016fvod\u016f pro jej\u00ed prodlou\u017een\u00ed V\u00e1s v\u017edy budeme informovat.<\/p>\n<p>V p\u0159\u00edpad\u011b, \u017ee bude Va\u0161e \u017e\u00e1dost zjevn\u011b ned\u016fvodn\u00e1 nebo nep\u0159im\u011b\u0159en\u00e1 (zejm\u00e9na proto, \u017ee byla pod\u00e1na opakovan\u011b), m\u016f\u017eeme od V\u00e1s po\u017eadovat p\u0159im\u011b\u0159en\u00fd poplatek zohled\u0148uj\u00edc\u00ed administrativn\u00ed n\u00e1klady spojen\u00e9 s poskytnut\u00edm po\u017eadovan\u00fdch informac\u00ed nebo sd\u011blen\u00ed nebo s u\u010din\u011bn\u00edm po\u017eadovan\u00fdch \u00fakon\u016f, nebo m\u016f\u017eeme odm\u00edtnout Va\u0161\u00ed \u017e\u00e1dosti vyhov\u011bt.<\/p>\n<p>Budeme-li m\u00edt d\u016fvodn\u00e9 pochybnosti o toto\u017enosti fyzick\u00e9 osoby uplat\u0148uj\u00edc\u00ed shora uveden\u00e1 pr\u00e1va, m\u016f\u017eeme tuto osobu po\u017e\u00e1dat o poskytnut\u00ed dodate\u010dn\u00fdch informac\u00ed nezbytn\u00fdch k potvrzen\u00ed toto\u017enosti t\u00e9to osoby jako subjektu \u00fadaj\u016f.<\/p>\n<h5> <\/h5>\n<h5><span style=\"text-decoration: underline;\"><strong>8. \u00da\u010cINNOST TOHOTO DOKUMENTU<\/strong><\/span><\/h5>\n<p>Tento dokument je \u00fa\u010dinn\u00fd od 1. 10. 2020.<\/p>\n<p>Spole\u010dnost s.r.o. si vyhrazuje pr\u00e1vo tento dokument kdykoliv zm\u011bnit \u010di aktualizovat.<\/p>\n\t\t\t\t\t\t<\/div>\n\t\t\t\t<\/div>\n\t\t\t\t\t<\/div>\n\t\t<\/div>\n\t\t\t\t\t\t\t<\/div>\n\t\t<\/section>\n\t\t\t\t\t\t\t<\/div>\n\t\t","protected":false},"excerpt":{"rendered":"<p>Processing of personal customer data dle \u010dl. 13 a 14 Na\u0159\u00edzen\u00ed Evropsk\u00e9ho parlamentu a Rady (EU) 2016\/679 ze dne 27. dubna 2016 o ochran\u011b fyzick\u00fdch osob v souvislosti se zpracov\u00e1n\u00edm osobn\u00edch \u00fadaj\u016f a o voln\u00e9m pohybu t\u011bchto \u00fadaj\u016f a o zru\u0161en\u00ed sm\u011brnice 95\/46\/ES (obecn\u00e9 na\u0159\u00edzen\u00ed o ochran\u011b osobn\u00edch \u00fadaj\u016f) &#8211; d\u00e1le jen \u201eNa\u0159\u00edzen\u00ed\u201c Spole\u010dnost SERVISTA [&hellip;]<\/p>\n","protected":false},"author":1,"featured_media":0,"parent":0,"menu_order":0,"comment_status":"closed","ping_status":"closed","template":"","meta":{"footnotes":""},"class_list":["post-809","page","type-page","status-publish","hentry"],"yoast_head":"<!-- This site is optimized with the Yoast SEO plugin v27.3 - https:\/\/yoast.com\/product\/yoast-seo-wordpress\/ -->\n<title>Ochrana osobn\u00edch \u00fadaj\u016f | St\u011bhov\u00e1n\u00ed a vykl\u00edzen\u00ed s lehkost\u00ed<\/title>\n<meta name=\"robots\" content=\"index, follow, max-snippet:-1, max-image-preview:large, max-video-preview:-1\" \/>\n<link rel=\"canonical\" href=\"https:\/\/www.stehovani-vyklizenislehkosti.cz\/en\/ochrana-osobnich-udaju\/\" \/>\n<meta property=\"og:locale\" content=\"en_US\" \/>\n<meta property=\"og:type\" content=\"article\" \/>\n<meta property=\"og:title\" content=\"Ochrana osobn\u00edch \u00fadaj\u016f | St\u011bhov\u00e1n\u00ed a vykl\u00edzen\u00ed s lehkost\u00ed\" \/>\n<meta property=\"og:description\" content=\"Processing of personal customer data dle \u010dl. 13 a 14 Na\u0159\u00edzen\u00ed Evropsk\u00e9ho parlamentu a Rady (EU) 2016\/679 ze dne 27. dubna 2016 o ochran\u011b fyzick\u00fdch osob v souvislosti se zpracov\u00e1n\u00edm osobn\u00edch \u00fadaj\u016f a o voln\u00e9m pohybu t\u011bchto \u00fadaj\u016f a o zru\u0161en\u00ed sm\u011brnice 95\/46\/ES (obecn\u00e9 na\u0159\u00edzen\u00ed o ochran\u011b osobn\u00edch \u00fadaj\u016f) &#8211; d\u00e1le jen \u201eNa\u0159\u00edzen\u00ed\u201c Spole\u010dnost SERVISTA [&hellip;]\" \/>\n<meta property=\"og:url\" content=\"https:\/\/www.stehovani-vyklizenislehkosti.cz\/en\/ochrana-osobnich-udaju\/\" \/>\n<meta property=\"og:site_name\" content=\"St\u011bhov\u00e1n\u00ed a vykl\u00edzen\u00ed s lehkost\u00ed\" \/>\n<meta property=\"article:modified_time\" content=\"2023-06-06T12:11:20+00:00\" \/>\n<meta property=\"og:image\" content=\"https:\/\/www.stehovani-vyklizenislehkosti.cz\/wp-content\/uploads\/2023\/04\/mid-adult-mechanic-doing-service-car-s-air-conditioner-unit-auto-repair-shop-kopie.webp\" \/>\n\t<meta property=\"og:image:width\" content=\"1920\" \/>\n\t<meta property=\"og:image:height\" content=\"1280\" \/>\n\t<meta property=\"og:image:type\" content=\"image\/webp\" \/>\n<meta name=\"twitter:card\" content=\"summary_large_image\" \/>\n<meta name=\"twitter:label1\" content=\"Est. reading time\" \/>\n\t<meta name=\"twitter:data1\" content=\"9 minutes\" \/>\n<script type=\"application\/ld+json\" class=\"yoast-schema-graph\">{\"@context\":\"https:\\\/\\\/schema.org\",\"@graph\":[{\"@type\":\"WebPage\",\"@id\":\"https:\\\/\\\/www.stehovani-vyklizenislehkosti.cz\\\/en\\\/ochrana-osobnich-udaju\\\/\",\"url\":\"https:\\\/\\\/www.stehovani-vyklizenislehkosti.cz\\\/en\\\/ochrana-osobnich-udaju\\\/\",\"name\":\"Ochrana osobn\u00edch \u00fadaj\u016f | St\u011bhov\u00e1n\u00ed a vykl\u00edzen\u00ed s lehkost\u00ed\",\"isPartOf\":{\"@id\":\"https:\\\/\\\/www.stehovani-vyklizenislehkosti.cz\\\/en\\\/#website\"},\"datePublished\":\"2023-06-01T07:06:26+00:00\",\"dateModified\":\"2023-06-06T12:11:20+00:00\",\"breadcrumb\":{\"@id\":\"https:\\\/\\\/www.stehovani-vyklizenislehkosti.cz\\\/en\\\/ochrana-osobnich-udaju\\\/#breadcrumb\"},\"inLanguage\":\"en-US\",\"potentialAction\":[{\"@type\":\"ReadAction\",\"target\":[\"https:\\\/\\\/www.stehovani-vyklizenislehkosti.cz\\\/en\\\/ochrana-osobnich-udaju\\\/\"]}]},{\"@type\":\"BreadcrumbList\",\"@id\":\"https:\\\/\\\/www.stehovani-vyklizenislehkosti.cz\\\/en\\\/ochrana-osobnich-udaju\\\/#breadcrumb\",\"itemListElement\":[{\"@type\":\"ListItem\",\"position\":1,\"name\":\"Dom\u016f\",\"item\":\"https:\\\/\\\/www.stehovani-vyklizenislehkosti.cz\\\/en\\\/\"},{\"@type\":\"ListItem\",\"position\":2,\"name\":\"Ochrana osobn\u00edch \u00fadaj\u016f\"}]},{\"@type\":\"WebSite\",\"@id\":\"https:\\\/\\\/www.stehovani-vyklizenislehkosti.cz\\\/en\\\/#website\",\"url\":\"https:\\\/\\\/www.stehovani-vyklizenislehkosti.cz\\\/en\\\/\",\"name\":\"St\u011bhov\u00e1n\u00ed a vykl\u00edzen\u00ed s lehkost\u00ed\",\"description\":\"ST\u011aHOV\u00c1N\u00cd kamkoli VYKL\u00cdZEN\u00cd kdykoli\",\"publisher\":{\"@id\":\"https:\\\/\\\/www.stehovani-vyklizenislehkosti.cz\\\/en\\\/#organization\"},\"potentialAction\":[{\"@type\":\"SearchAction\",\"target\":{\"@type\":\"EntryPoint\",\"urlTemplate\":\"https:\\\/\\\/www.stehovani-vyklizenislehkosti.cz\\\/en\\\/?s={search_term_string}\"},\"query-input\":{\"@type\":\"PropertyValueSpecification\",\"valueRequired\":true,\"valueName\":\"search_term_string\"}}],\"inLanguage\":\"en-US\"},{\"@type\":\"Organization\",\"@id\":\"https:\\\/\\\/www.stehovani-vyklizenislehkosti.cz\\\/en\\\/#organization\",\"name\":\"KlimaExpress\",\"url\":\"https:\\\/\\\/www.stehovani-vyklizenislehkosti.cz\\\/en\\\/\",\"logo\":{\"@type\":\"ImageObject\",\"inLanguage\":\"en-US\",\"@id\":\"https:\\\/\\\/www.stehovani-vyklizenislehkosti.cz\\\/en\\\/#\\\/schema\\\/logo\\\/image\\\/\",\"url\":\"https:\\\/\\\/www.stehovani-vyklizenislehkosti.cz\\\/wp-content\\\/uploads\\\/2023\\\/04\\\/vyklizeni-a-stehovani-s-lehkosti.webp\",\"contentUrl\":\"https:\\\/\\\/www.stehovani-vyklizenislehkosti.cz\\\/wp-content\\\/uploads\\\/2023\\\/04\\\/vyklizeni-a-stehovani-s-lehkosti.webp\",\"width\":870,\"height\":167,\"caption\":\"KlimaExpress\"},\"image\":{\"@id\":\"https:\\\/\\\/www.stehovani-vyklizenislehkosti.cz\\\/en\\\/#\\\/schema\\\/logo\\\/image\\\/\"}}]}<\/script>\n<!-- \/ Yoast SEO plugin. -->","yoast_head_json":{"title":"Ochrana osobn\u00edch \u00fadaj\u016f | St\u011bhov\u00e1n\u00ed a vykl\u00edzen\u00ed s lehkost\u00ed","robots":{"index":"index","follow":"follow","max-snippet":"max-snippet:-1","max-image-preview":"max-image-preview:large","max-video-preview":"max-video-preview:-1"},"canonical":"https:\/\/www.stehovani-vyklizenislehkosti.cz\/en\/ochrana-osobnich-udaju\/","og_locale":"en_US","og_type":"article","og_title":"Ochrana osobn\u00edch \u00fadaj\u016f | St\u011bhov\u00e1n\u00ed a vykl\u00edzen\u00ed s lehkost\u00ed","og_description":"Processing of personal customer data dle \u010dl. 13 a 14 Na\u0159\u00edzen\u00ed Evropsk\u00e9ho parlamentu a Rady (EU) 2016\/679 ze dne 27. dubna 2016 o ochran\u011b fyzick\u00fdch osob v souvislosti se zpracov\u00e1n\u00edm osobn\u00edch \u00fadaj\u016f a o voln\u00e9m pohybu t\u011bchto \u00fadaj\u016f a o zru\u0161en\u00ed sm\u011brnice 95\/46\/ES (obecn\u00e9 na\u0159\u00edzen\u00ed o ochran\u011b osobn\u00edch \u00fadaj\u016f) &#8211; d\u00e1le jen \u201eNa\u0159\u00edzen\u00ed\u201c Spole\u010dnost SERVISTA [&hellip;]","og_url":"https:\/\/www.stehovani-vyklizenislehkosti.cz\/en\/ochrana-osobnich-udaju\/","og_site_name":"St\u011bhov\u00e1n\u00ed a vykl\u00edzen\u00ed s lehkost\u00ed","article_modified_time":"2023-06-06T12:11:20+00:00","og_image":[{"width":1920,"height":1280,"url":"https:\/\/www.stehovani-vyklizenislehkosti.cz\/wp-content\/uploads\/2023\/04\/mid-adult-mechanic-doing-service-car-s-air-conditioner-unit-auto-repair-shop-kopie.webp","type":"image\/webp"}],"twitter_card":"summary_large_image","twitter_misc":{"Est. reading time":"9 minutes"},"schema":{"@context":"https:\/\/schema.org","@graph":[{"@type":"WebPage","@id":"https:\/\/www.stehovani-vyklizenislehkosti.cz\/en\/ochrana-osobnich-udaju\/","url":"https:\/\/www.stehovani-vyklizenislehkosti.cz\/en\/ochrana-osobnich-udaju\/","name":"Ochrana osobn\u00edch \u00fadaj\u016f | St\u011bhov\u00e1n\u00ed a vykl\u00edzen\u00ed s lehkost\u00ed","isPartOf":{"@id":"https:\/\/www.stehovani-vyklizenislehkosti.cz\/en\/#website"},"datePublished":"2023-06-01T07:06:26+00:00","dateModified":"2023-06-06T12:11:20+00:00","breadcrumb":{"@id":"https:\/\/www.stehovani-vyklizenislehkosti.cz\/en\/ochrana-osobnich-udaju\/#breadcrumb"},"inLanguage":"en-US","potentialAction":[{"@type":"ReadAction","target":["https:\/\/www.stehovani-vyklizenislehkosti.cz\/en\/ochrana-osobnich-udaju\/"]}]},{"@type":"BreadcrumbList","@id":"https:\/\/www.stehovani-vyklizenislehkosti.cz\/en\/ochrana-osobnich-udaju\/#breadcrumb","itemListElement":[{"@type":"ListItem","position":1,"name":"Dom\u016f","item":"https:\/\/www.stehovani-vyklizenislehkosti.cz\/en\/"},{"@type":"ListItem","position":2,"name":"Ochrana osobn\u00edch \u00fadaj\u016f"}]},{"@type":"WebSite","@id":"https:\/\/www.stehovani-vyklizenislehkosti.cz\/en\/#website","url":"https:\/\/www.stehovani-vyklizenislehkosti.cz\/en\/","name":"St\u011bhov\u00e1n\u00ed a vykl\u00edzen\u00ed s lehkost\u00ed","description":"ST\u011aHOV\u00c1N\u00cd kamkoli VYKL\u00cdZEN\u00cd kdykoli","publisher":{"@id":"https:\/\/www.stehovani-vyklizenislehkosti.cz\/en\/#organization"},"potentialAction":[{"@type":"SearchAction","target":{"@type":"EntryPoint","urlTemplate":"https:\/\/www.stehovani-vyklizenislehkosti.cz\/en\/?s={search_term_string}"},"query-input":{"@type":"PropertyValueSpecification","valueRequired":true,"valueName":"search_term_string"}}],"inLanguage":"en-US"},{"@type":"Organization","@id":"https:\/\/www.stehovani-vyklizenislehkosti.cz\/en\/#organization","name":"KlimaExpress","url":"https:\/\/www.stehovani-vyklizenislehkosti.cz\/en\/","logo":{"@type":"ImageObject","inLanguage":"en-US","@id":"https:\/\/www.stehovani-vyklizenislehkosti.cz\/en\/#\/schema\/logo\/image\/","url":"https:\/\/www.stehovani-vyklizenislehkosti.cz\/wp-content\/uploads\/2023\/04\/vyklizeni-a-stehovani-s-lehkosti.webp","contentUrl":"https:\/\/www.stehovani-vyklizenislehkosti.cz\/wp-content\/uploads\/2023\/04\/vyklizeni-a-stehovani-s-lehkosti.webp","width":870,"height":167,"caption":"KlimaExpress"},"image":{"@id":"https:\/\/www.stehovani-vyklizenislehkosti.cz\/en\/#\/schema\/logo\/image\/"}}]}},"_links":{"self":[{"href":"https:\/\/www.stehovani-vyklizenislehkosti.cz\/en\/wp-json\/wp\/v2\/pages\/809","targetHints":{"allow":["GET"]}}],"collection":[{"href":"https:\/\/www.stehovani-vyklizenislehkosti.cz\/en\/wp-json\/wp\/v2\/pages"}],"about":[{"href":"https:\/\/www.stehovani-vyklizenislehkosti.cz\/en\/wp-json\/wp\/v2\/types\/page"}],"author":[{"embeddable":true,"href":"https:\/\/www.stehovani-vyklizenislehkosti.cz\/en\/wp-json\/wp\/v2\/users\/1"}],"replies":[{"embeddable":true,"href":"https:\/\/www.stehovani-vyklizenislehkosti.cz\/en\/wp-json\/wp\/v2\/comments?post=809"}],"version-history":[{"count":1,"href":"https:\/\/www.stehovani-vyklizenislehkosti.cz\/en\/wp-json\/wp\/v2\/pages\/809\/revisions"}],"predecessor-version":[{"id":810,"href":"https:\/\/www.stehovani-vyklizenislehkosti.cz\/en\/wp-json\/wp\/v2\/pages\/809\/revisions\/810"}],"wp:attachment":[{"href":"https:\/\/www.stehovani-vyklizenislehkosti.cz\/en\/wp-json\/wp\/v2\/media?parent=809"}],"curies":[{"name":"wp","href":"https:\/\/api.w.org\/{rel}","templated":true}]}}